{"id":6623,"date":"2020-12-23T18:01:24","date_gmt":"2020-12-23T18:01:24","guid":{"rendered":"https:\/\/www.wittib-law.ch\/Anwaltskanzlei-in-zuerich\/?page_id=6623"},"modified":"2020-12-25T19:05:20","modified_gmt":"2020-12-25T19:05:20","slug":"haftung-des-arbeitnehmers","status":"publish","type":"page","link":"https:\/\/www.wittib-law.ch\/Anwaltskanzlei-in-zuerich\/arbeitsrecht\/haftung-des-arbeitnehmers\/","title":{"rendered":"Haftung des Arbeitnehmers"},"content":{"rendered":"\n<p>Der Arbeitnehmer ist f\u00fcr den Schaden verantwortlich, den er dem Arbeitgeber absichtlich oder fahrl\u00e4ssig zuf\u00fcgt. Das Mass der Sorgfalt bestimmt sich unter Ber\u00fccksichtigung des Berufsrisikos, des Bildungsgrades oder der Fachkenntnisse.<\/p>\n\n\n\n<section id=\"section-fa9b6c29-9136-4d85-a425-d4bb417b9019\" class=\"wp-block-gutentor-about-block gutentor-section gutentor-about about-template4\"><div class=\"grid-container\"><div class=\"gutentor-grid-item-wrap\"><div class=\"gutentor-single-item\"><div class=\"grid-row\"><div class=\"grid-md-6 about-grid\"><div class=\"gutentor-single-item-content\"><div class=\"gutentor-about-content\"><h2 class=\"gutentor-single-item-title\"><strong>Rechtsanw\u00e4l<\/strong>te<\/h2><p class=\"gutentor-single-item-desc\"><strong>Inhaberin und Anw\u00e4ltin  S. Wittibschlager<\/strong><br><em>Meine Kanzlei hat ihren Sitz im Herzen von\u00a0Z\u00fcrich.\u00a0<em>Als Rechtsanw\u00e4ltin mit der Anwaltszulassung in Deutschland und der Schweiz \u00fcbernehme ich gerne Ihre Beratung und Prozessf\u00fchrung in der Schweiz und Deutschland.<\/em> Ich verf\u00fcge \u00fcber jahre\u00adlange breite Erfah\u00adrung im Scheidungs-, Familien-, Erb- und Arbeits\u00adrecht. Mein Team und ich vertreten Privatpersonen &amp; Unternehmen aus der Schweiz, Deutschland, USA, und Osteuropa im internationalen &amp; nationalen Privatrecht &amp; Wirtschaftsrecht.<\/em><br><br>Gerne k\u00f6nnen Sie uns auch eine E-Mail schreiben. Unsere Anw\u00e4lte werden sich umgehend bei Ihnen melden.\u00a0<\/p><a class=\"gutentor-button gutentor-single-item-button gutentor-icon-hide\" href=\"mailto:info@wittib-law.ch\"><i class=\"gutentor-button-icon fas fa-book\"><\/i><span>E-mail<\/span><\/a><\/div><\/div><\/div><div class=\"grid-md-6 about-grid\"><div class=\"gutentor-single-item-image-box\"><div class=\"gutentor-image-thumb\"><img decoding=\"async\" class=\"normal-image\" src=\"https:\/\/www.wittib-law.ch\/Anwaltskanzlei-in-zuerich\/wp-content\/uploads\/2020\/11\/Bildschirmfoto-2020-12-03-um-15.09.24.png\" alt=\"Inhaberin der Kanzlei - Anw\u00e4ltin Schweiz\/Deutschland\"\/><\/div><\/div><\/div><\/div><\/div><\/div><\/div><\/section>\n\n\n\n<section id=\"section-a4ba1353-0b23-40a5-8443-1664a0141caf\" class=\"wp-block-gutentor-divider section-a4ba1353-0b23-40a5-8443-1664a0141caf gutentor-element gutentor-section gutentor-divider text-center\"><div class=\"grid-container\"><div class=\"gutentor-divider-box\"><span><svg xmlns=\"http:\/\/www.w3.org\/2000\/svg\" viewBox=\"0 0 240 40\" preserveAspectRatio=\"none\"><path d=\"M56.2 20c5.3-.1 10.6-.2 16-.3l16-.2c10.6-.1 21.3-.1 31.9-.2 10.6.1 21.3 0 31.9.1l16 .2c5.3.1 10.6.2 16 .3-5.3.1-10.6.2-16 .3l-16 .2c-10.6.1-21.3.1-31.9.1-10.6-.1-21.3 0-31.9-.2l-16-.2c-5.4.1-10.7 0-16-.1z\"><\/path><\/svg><\/span><\/div><\/div><\/section>\n\n\n<p class='wp-call-button-block-button wp-call-button-block-button-center'><a class='wp-call-button-in-btn' href='tel:+41435450150' style='background-color:#3b5998' ><svg x=\"0px\" y=\"0px\" width=\"459px\" height=\"459px\" viewBox=\"0 0 459 459\">\r\n\t\t\t\t<path\r\n\t\t\t\t\td=\"M91.8,198.9c35.7,71.4,96.9,130.05,168.3,168.3L316.2,311.1c7.649-7.649,17.85-10.199,25.5-5.1c28.05,10.2,58.649,15.3,91.8,15.3c15.3,0,25.5,10.2,25.5,25.5v86.7c0,15.3-10.2,25.5-25.5,25.5C193.8,459,0,265.2,0,25.5C0,10.2,10.2,0,25.5,0h89.25c15.3,0,25.5,10.2,25.5,25.5c0,30.6,5.1,61.2,15.3,91.8c2.55,7.65,0,17.85-5.1,25.5L91.8,198.9z\"\r\n\t\t\t\t\/>\r\n\t\t\t<\/svg> +41 43 545 01 50<\/a><\/p>\n\n\n<section id=\"section-a6d12d24-8b9d-4553-a188-f49e63c002c7\" class=\"wp-block-gutentor-divider section-a6d12d24-8b9d-4553-a188-f49e63c002c7 gutentor-element gutentor-section gutentor-divider text-center\"><div class=\"grid-container\"><div class=\"gutentor-divider-box\"><span><svg xmlns=\"http:\/\/www.w3.org\/2000\/svg\" viewBox=\"0 0 240 40\" preserveAspectRatio=\"none\"><path d=\"M56.2 20c5.3-.1 10.6-.2 16-.3l16-.2c10.6-.1 21.3-.1 31.9-.2 10.6.1 21.3 0 31.9.1l16 .2c5.3.1 10.6.2 16 .3-5.3.1-10.6.2-16 .3l-16 .2c-10.6.1-21.3.1-31.9.1-10.6-.1-21.3 0-31.9-.2l-16-.2c-5.4.1-10.7 0-16-.1z\"><\/path><\/svg><\/span><\/div><\/div><\/section>\n\n\n\n<p>FAQ-Haftung des Arbeitnehmers<\/p>\n\n\n\n<div class=\"schema-faq wp-block-yoast-faq-block\"><div class=\"schema-faq-section\" id=\"faq-question-1608922950994\"><strong class=\"schema-faq-question\">Welche Regelung trifft das OR, wenn  ein  betr\u00e4chtlicher Schaden durch die Fahrl\u00e4ssigkeit eines Arbeitnehmers entstanden ist?<\/strong> <p class=\"schema-faq-answer\">Der Arbeitnehmer muss die ihm zugewiesenen Arbeiten so sorgf\u00e4ltig wie m\u00f6glich erledigen (OR 321a1). Arbeitet er unsorgf\u00e4ltig, so muss er den entstandenen Schaden begleichen (OR 321e).<\/p> <\/div> <\/div>\n\n\n\n<p>Das k\u00f6nnte Sie auch noch interessieren<\/p>\n\n\n<ul class=\"yoast-url-list\"><li><a href=\"https:\/\/www.wittib-law.ch\/Anwaltskanzlei-in-zuerich\/arbeitsrecht\/beratung-von-leitenden-angestellten\/\">Beratung f\u00fcr leitende Angestellte<\/a><\/li><li><a href=\"https:\/\/www.wittib-law.ch\/Anwaltskanzlei-in-zuerich\/arbeitsrecht\/arbeitsrechtliche-forderungen\/\">Arbeitsrechtliche Anspr\u00fcche &#038; Forderungen<\/a><\/li><li><a href=\"https:\/\/www.wittib-law.ch\/Anwaltskanzlei-in-zuerich\/arbeitsrecht\/arbeitsvertraege\/\">Arbeitsvertr\u00e4ge<\/a><\/li><li><a href=\"https:\/\/www.wittib-law.ch\/Anwaltskanzlei-in-zuerich\/arbeitsrecht\/abfindungen\/\">Abfindungen<\/a><\/li><li><a href=\"https:\/\/www.wittib-law.ch\/Anwaltskanzlei-in-zuerich\/arbeitsrecht\/personalreglemente\/\">Personalreglemente<\/a><\/li><li><a href=\"https:\/\/www.wittib-law.ch\/Anwaltskanzlei-in-zuerich\/arbeitsrecht\/kundigung\/\">K\u00fcndigung \/ Entlassung<\/a><\/li><li><a href=\"https:\/\/www.wittib-law.ch\/Anwaltskanzlei-in-zuerich\/arbeitsrecht\/fristlose-kuendigung\/\">Fristlose K\u00fcndigung<\/a><\/li><li><a href=\"https:\/\/www.wittib-law.ch\/Anwaltskanzlei-in-zuerich\/arbeitsrecht\/missbraeuchliche-kuendigung\/\">Missbr\u00e4uchliche K\u00fcndigung<\/a><\/li><li><a href=\"https:\/\/www.wittib-law.ch\/Anwaltskanzlei-in-zuerich\/arbeitsrecht\/kuendigung-probezeit\/\">Probezeit &#038; K\u00fcndigung zur Probezeit<\/a><\/li><li><a href=\"https:\/\/www.wittib-law.ch\/Anwaltskanzlei-in-zuerich\/arbeitsrecht\/kuendigung-zur-unzeit\/\">K\u00fcndigung zur Unzeit<\/a><\/li><li><a href=\"https:\/\/www.wittib-law.ch\/Anwaltskanzlei-in-zuerich\/arbeitsrecht\/kuendigung-sperrfrist\/\">K\u00fcndigung w\u00e4hrend der Sperrfrist<\/a><\/li><li><a href=\"https:\/\/www.wittib-law.ch\/Anwaltskanzlei-in-zuerich\/arbeitsrecht\/mutterschutz\/\">Mutterschutz<\/a><\/li><li><a href=\"https:\/\/www.wittib-law.ch\/Anwaltskanzlei-in-zuerich\/arbeitsrecht\/mitarbeiterbeteiligung\/\">Mitarbeiterbeteiligung<\/a><\/li><li><a href=\"https:\/\/www.wittib-law.ch\/Anwaltskanzlei-in-zuerich\/arbeitsrecht\/kompensationsmodelle-fuer-fuehrungskrafte\/\">Anreizsysteme &#038; Kompensationsmodelle f\u00fcr leitende Angestellte und F\u00fchrungskr\u00e4fte<\/a><\/li><li><a href=\"https:\/\/www.wittib-law.ch\/Anwaltskanzlei-in-zuerich\/arbeitsrecht\/konkurrenzverbote\/\">Konkurrenzverbote<\/a><\/li><li><a href=\"https:\/\/www.wittib-law.ch\/Anwaltskanzlei-in-zuerich\/arbeitsrecht\/gleichstellungsgesetz\/\">Gleichstellungsgesetz<\/a><\/li><li><a href=\"https:\/\/www.wittib-law.ch\/Anwaltskanzlei-in-zuerich\/arbeitsrecht\/ueberstunden\/\">\u00dcberstunden<\/a><\/li><li><a href=\"https:\/\/www.wittib-law.ch\/Anwaltskanzlei-in-zuerich\/arbeitsrecht\/mobbing-bossing-am-arbeitsplatz\/\">Mobbing &#038; Bossing am Arbeitsplatz<\/a><\/li><li><a href=\"https:\/\/www.wittib-law.ch\/Anwaltskanzlei-in-zuerich\/arbeitsrecht\/arbeitszeugnisse\/\">Arbeitszeugnisse<\/a><\/li><li><a href=\"https:\/\/www.wittib-law.ch\/Anwaltskanzlei-in-zuerich\/arbeitsrecht\/bonus\/\">Bonus<\/a><\/li><li><a href=\"https:\/\/www.wittib-law.ch\/Anwaltskanzlei-in-zuerich\/arbeitsrecht\/gratifikation\/\">Gratifikation<\/a><\/li><li><a href=\"https:\/\/www.wittib-law.ch\/Anwaltskanzlei-in-zuerich\/arbeitsrecht\/oeffentliches-personalrecht\/\">\u00d6ffentliches Personalrecht<\/a><\/li><li><a href=\"https:\/\/www.wittib-law.ch\/Anwaltskanzlei-in-zuerich\/arbeitsrecht\/nichtantritt-und-fristloses-verlassen-der-stelle\/\">Nichtantritt und fristloses Verlassen der Stelle<\/a><\/li><li><a href=\"https:\/\/www.wittib-law.ch\/Anwaltskanzlei-in-zuerich\/arbeitsrecht\/sorgfalts-und-treuepflicht-schwarzarbeit\/\">Sorgfalts- und Treuepflicht Schwarzarbeit<\/a><\/li><li><a href=\"https:\/\/www.wittib-law.ch\/Anwaltskanzlei-in-zuerich\/arbeitsrecht\/befolgen-von-anordnungen\/\">Befolgen von Anordnungen<\/a><\/li><li><a href=\"https:\/\/www.wittib-law.ch\/Anwaltskanzlei-in-zuerich\/arbeitsrecht\/lohnzahlung-vorschuss\/\">Lohnzahlung &#038; Vorschuss<\/a><\/li><li><a href=\"https:\/\/www.wittib-law.ch\/Anwaltskanzlei-in-zuerich\/arbeitsrecht\/lohnzahlung-bei-verhinderung-des-arbeitnehmers\/\">Lohnzahlung bei Verhinderung des Arbeitnehmers<\/a><\/li><li><a href=\"https:\/\/www.wittib-law.ch\/Anwaltskanzlei-in-zuerich\/arbeitsrecht\/spesen\/\">Spesen<\/a><\/li><li><a href=\"https:\/\/www.wittib-law.ch\/Anwaltskanzlei-in-zuerich\/arbeitsrecht\/ferien\/\">Ferien<\/a><\/li><\/ul><div style='text-align:center' class='yasr-auto-insert-visitor'><!--Yasr Visitor Votes Shortcode--><div id='yasr_visitor_votes_e3e0f3b1f2569' class='yasr-visitor-votes'><div class=\"yasr-custom-text-vv-before yasr-custom-text-vv-before-6623\">Ratings \/ Bewertungen<\/div><div id='yasr-vv-second-row-container-e3e0f3b1f2569'\r\n                                        class='yasr-vv-second-row-container'><div id='yasr-visitor-votes-rater-e3e0f3b1f2569'\r\n                                      class='yasr-rater-stars-vv'\r\n                                      data-rater-postid='6623'\r\n                                      data-rating='5'\r\n                                      data-rater-starsize='24'\r\n                                      data-rater-readonly='true'\r\n                                      data-rater-nonce='e9ef24791e'\r\n                                      data-issingular='false'\r\n                                    ><\/div><div class=\"yasr-vv-stats-text-container\" id=\"yasr-vv-stats-text-container-e3e0f3b1f2569\"><svg xmlns=\"https:\/\/www.w3.org\/2000\/svg\" width=\"20\" height=\"20\"\r\n                                   class=\"yasr-dashicons-visitor-stats\"\r\n                                   data-postid=\"6623\"\r\n                                   id=\"yasr-stats-dashicon-e3e0f3b1f2569\">\r\n                                   <path d=\"M18 18v-16h-4v16h4zM12 18v-11h-4v11h4zM6 18v-8h-4v8h4z\"><\/path>\r\n                               <\/svg><span id=\"yasr-vv-text-container-e3e0f3b1f2569\" class=\"yasr-vv-text-container\">[Anzahl der Bewertungen: <span id=\"yasr-vv-votes-number-container-e3e0f3b1f2569\">1<\/span>  Durchschnitt: <span id=\"yasr-vv-average-container-e3e0f3b1f2569\">5<\/span>]<\/span><\/div><div id='yasr-vv-loader-e3e0f3b1f2569' class='yasr-vv-container-loader'><\/div><\/div><div id='yasr-vv-bottom-container-e3e0f3b1f2569' class='yasr-vv-bottom-container'><div class='yasr-small-block-bold'><span class='yasr-visitor-votes-must-sign-in'>99% zufriedene Nutzer \/ Durchschnittsbewertungen unserer Klienten<\/span><\/div><\/div><\/div><!--End Yasr Visitor Votes Shortcode--><\/div>","protected":false},"excerpt":{"rendered":"<p>Der Arbeitnehmer ist f\u00fcr den Schaden verantwortlich, den er dem Arbeitgeber absichtlich oder fahrl\u00e4ssig zuf\u00fcgt. Das Mass der Sorgfalt bestimmt sich unter Ber\u00fccksichtigung des Berufsrisikos, des Bildungsgrades oder der Fachkenntnisse. FAQ-Haftung des Arbeitnehmers Das k\u00f6nnte Sie auch noch interessieren Ratings \/ Bewertungen [Anzahl der Bewertungen: 1 Durchschnitt: 5]99% zufriedene Nutzer \/ Durchschnittsbewertungen unserer Klienten<\/p>\n","protected":false},"author":1,"featured_media":0,"parent":6458,"menu_order":26,"comment_status":"closed","ping_status":"closed","template":"","meta":{"yasr_overall_rating":0,"yasr_post_is_review":"","yasr_auto_insert_disabled":"","yasr_review_type":"","footnotes":""},"class_list":["post-6623","page","type-page","status-publish","hentry"],"yasr_visitor_votes":{"stars_attributes":{"read_only":true,"span_bottom":"<div class='yasr-small-block-bold'><span class='yasr-visitor-votes-must-sign-in'>99% zufriedene Nutzer \/ Durchschnittsbewertungen unserer Klienten<\/span><\/div>"},"number_of_votes":1,"sum_votes":5},"yoast_head":"<!-- This site is optimized with the Yoast SEO Premium plugin v26.4 (Yoast SEO v27.4) - https:\/\/yoast.com\/product\/yoast-seo-premium-wordpress\/ -->\n<title>Haftung des Arbeitnehmers - Ihr Anwalt in Z\u00fcrich<\/title>\n<meta name=\"description\" content=\"Ihr Anwalt f\u00fcr Arbetisrecht ber\u00e4t Arbeitgeber und Angestellte bez\u00fcglich der Haftung des Arbeitnehmers.\" \/>\n<meta name=\"robots\" content=\"index, follow, max-snippet:-1, max-image-preview:large, max-video-preview:-1\" \/>\n<link rel=\"canonical\" href=\"https:\/\/www.wittib-law.ch\/Anwaltskanzlei-in-zuerich\/arbeitsrecht\/haftung-des-arbeitnehmers\/\" \/>\n<meta property=\"og:locale\" content=\"de_DE\" \/>\n<meta property=\"og:type\" content=\"article\" \/>\n<meta property=\"og:title\" content=\"Haftung des Arbeitnehmers\" \/>\n<meta property=\"og:description\" content=\"Ihr Anwalt f\u00fcr Arbetisrecht ber\u00e4t Arbeitgeber und Angestellte bez\u00fcglich der Haftung des Arbeitnehmers.\" \/>\n<meta property=\"og:url\" content=\"https:\/\/www.wittib-law.ch\/Anwaltskanzlei-in-zuerich\/arbeitsrecht\/haftung-des-arbeitnehmers\/\" \/>\n<meta property=\"og:site_name\" content=\"Ihr Anwalt in Z\u00fcrich\" \/>\n<meta property=\"article:publisher\" content=\"https:\/\/www.facebook.com\/Anwalt-f%c3%bcr-Familienrech-Arbeitsrecht-und-Scheidungsrecht-Z%c3%bcrich-2016470341934582\" \/>\n<meta property=\"article:modified_time\" content=\"2020-12-25T19:05:20+00:00\" \/>\n<meta name=\"twitter:card\" content=\"summary_large_image\" \/>\n<meta name=\"geo.placename\" content=\"Z\u00fcrich\" \/>\n<meta name=\"geo.position\" content=\"47.37554931640625;8.53688907623291\" \/>\n<meta name=\"geo.region\" content=\"Schweiz\" \/>\n<!-- \/ Yoast SEO Premium plugin. -->","yoast_head_json":{"title":"Haftung des Arbeitnehmers - Ihr Anwalt in Z\u00fcrich","description":"Ihr Anwalt f\u00fcr Arbetisrecht ber\u00e4t Arbeitgeber und Angestellte bez\u00fcglich der Haftung des Arbeitnehmers.","robots":{"index":"index","follow":"follow","max-snippet":"max-snippet:-1","max-image-preview":"max-image-preview:large","max-video-preview":"max-video-preview:-1"},"canonical":"https:\/\/www.wittib-law.ch\/Anwaltskanzlei-in-zuerich\/arbeitsrecht\/haftung-des-arbeitnehmers\/","og_locale":"de_DE","og_type":"article","og_title":"Haftung des Arbeitnehmers","og_description":"Ihr Anwalt f\u00fcr Arbetisrecht ber\u00e4t Arbeitgeber und Angestellte bez\u00fcglich der Haftung des Arbeitnehmers.","og_url":"https:\/\/www.wittib-law.ch\/Anwaltskanzlei-in-zuerich\/arbeitsrecht\/haftung-des-arbeitnehmers\/","og_site_name":"Ihr Anwalt in Z\u00fcrich","article_publisher":"https:\/\/www.facebook.com\/Anwalt-f%c3%bcr-Familienrech-Arbeitsrecht-und-Scheidungsrecht-Z%c3%bcrich-2016470341934582","article_modified_time":"2020-12-25T19:05:20+00:00","twitter_card":"summary_large_image","schema":{"@context":"https:\/\/schema.org","@graph":[{"@type":["WebPage","FAQPage"],"@id":"https:\/\/www.wittib-law.ch\/Anwaltskanzlei-in-zuerich\/arbeitsrecht\/haftung-des-arbeitnehmers\/","url":"https:\/\/www.wittib-law.ch\/Anwaltskanzlei-in-zuerich\/arbeitsrecht\/haftung-des-arbeitnehmers\/","name":"Haftung des Arbeitnehmers - Ihr Anwalt in Z\u00fcrich","isPartOf":{"@id":"https:\/\/www.wittib-law.ch\/Anwaltskanzlei-in-zuerich\/#website"},"datePublished":"2020-12-23T18:01:24+00:00","dateModified":"2020-12-25T19:05:20+00:00","description":"Ihr Anwalt f\u00fcr Arbetisrecht ber\u00e4t Arbeitgeber und Angestellte bez\u00fcglich der Haftung des Arbeitnehmers.","breadcrumb":{"@id":"https:\/\/www.wittib-law.ch\/Anwaltskanzlei-in-zuerich\/arbeitsrecht\/haftung-des-arbeitnehmers\/#breadcrumb"},"mainEntity":[{"@id":"https:\/\/www.wittib-law.ch\/Anwaltskanzlei-in-zuerich\/arbeitsrecht\/haftung-des-arbeitnehmers\/#faq-question-1608922950994"}],"inLanguage":"de","potentialAction":[{"@type":"ReadAction","target":["https:\/\/www.wittib-law.ch\/Anwaltskanzlei-in-zuerich\/arbeitsrecht\/haftung-des-arbeitnehmers\/"]}]},{"@type":"BreadcrumbList","@id":"https:\/\/www.wittib-law.ch\/Anwaltskanzlei-in-zuerich\/arbeitsrecht\/haftung-des-arbeitnehmers\/#breadcrumb","itemListElement":[{"@type":"ListItem","position":1,"name":"Home","item":"https:\/\/www.wittib-law.ch\/Anwaltskanzlei-in-zuerich\/"},{"@type":"ListItem","position":2,"name":"Arbeitsrecht","item":"https:\/\/www.wittib-law.ch\/Anwaltskanzlei-in-zuerich\/arbeitsrecht\/"},{"@type":"ListItem","position":3,"name":"Haftung des Arbeitnehmers"}]},{"@type":"WebSite","@id":"https:\/\/www.wittib-law.ch\/Anwaltskanzlei-in-zuerich\/#website","url":"https:\/\/www.wittib-law.ch\/Anwaltskanzlei-in-zuerich\/","name":"Ihr Anwalt in Z\u00fcrich","description":"Scheidungsanwalt \/ Anwalt f\u00fcr \u2713 Arbeitsrecht \u2713 Baurecht \u2713 Erbrecht \u2713 Familienrecht \u2713 Mietrecht \u2713 Vertragsrecht \u2713 Verkehrsrecht \u2713 Forderungen, Inkasso | Tel.: +41 (0) 43 545 01 50","publisher":{"@id":"https:\/\/www.wittib-law.ch\/Anwaltskanzlei-in-zuerich\/#organization"},"potentialAction":[{"@type":"SearchAction","target":{"@type":"EntryPoint","urlTemplate":"https:\/\/www.wittib-law.ch\/Anwaltskanzlei-in-zuerich\/?s={search_term_string}"},"query-input":{"@type":"PropertyValueSpecification","valueRequired":true,"valueName":"search_term_string"}}],"inLanguage":"de"},{"@type":["Organization","Place"],"@id":"https:\/\/www.wittib-law.ch\/Anwaltskanzlei-in-zuerich\/#organization","name":"Anwaltskanzlei Zuerich","url":"https:\/\/www.wittib-law.ch\/Anwaltskanzlei-in-zuerich\/","logo":{"@id":"https:\/\/www.wittib-law.ch\/Anwaltskanzlei-in-zuerich\/arbeitsrecht\/haftung-des-arbeitnehmers\/#local-main-organization-logo"},"image":{"@id":"https:\/\/www.wittib-law.ch\/Anwaltskanzlei-in-zuerich\/arbeitsrecht\/haftung-des-arbeitnehmers\/#local-main-organization-logo"},"sameAs":["https:\/\/www.facebook.com\/Anwalt-f\u00fcr-Familienrech-Arbeitsrecht-und-Scheidungsrecht-Z\u00fcrich-2016470341934582"],"address":{"@id":"https:\/\/www.wittib-law.ch\/Anwaltskanzlei-in-zuerich\/arbeitsrecht\/haftung-des-arbeitnehmers\/#local-main-place-address"},"geo":{"@type":"GeoCoordinates","latitude":"47.37554931640625","longitude":"8.53688907623291"},"telephone":["+41435450150"],"openingHoursSpecification":[{"@type":"OpeningHoursSpecification","dayOfWeek":["Monday","Tuesday","Wednesday","Thursday","Friday"],"opens":"08:00","closes":"17:00"},{"@type":"OpeningHoursSpecification","dayOfWeek":["Saturday","Sunday"],"opens":"00:00","closes":"00:00"}],"email":"info@wittib-law.ch"},{"@type":"Question","@id":"https:\/\/www.wittib-law.ch\/Anwaltskanzlei-in-zuerich\/arbeitsrecht\/haftung-des-arbeitnehmers\/#faq-question-1608922950994","position":1,"url":"https:\/\/www.wittib-law.ch\/Anwaltskanzlei-in-zuerich\/arbeitsrecht\/haftung-des-arbeitnehmers\/#faq-question-1608922950994","name":"Welche Regelung trifft das OR, wenn ein betr\u00e4chtlicher Schaden durch die Fahrl\u00e4ssigkeit eines Arbeitnehmers entstanden ist?","answerCount":1,"acceptedAnswer":{"@type":"Answer","text":"Der Arbeitnehmer muss die ihm zugewiesenen Arbeiten so sorgf\u00e4ltig wie m\u00f6glich erledigen (OR 321a1). Arbeitet er unsorgf\u00e4ltig, so muss er den entstandenen Schaden begleichen (OR 321e).","inLanguage":"de"},"inLanguage":"de"},{"@type":"PostalAddress","@id":"https:\/\/www.wittib-law.ch\/Anwaltskanzlei-in-zuerich\/arbeitsrecht\/haftung-des-arbeitnehmers\/#local-main-place-address","streetAddress":"L\u00f6wenstrasse 43","addressLocality":"Z\u00fcrich","postalCode":"8001","addressCountry":"CH"},{"@type":"ImageObject","inLanguage":"de","@id":"https:\/\/www.wittib-law.ch\/Anwaltskanzlei-in-zuerich\/arbeitsrecht\/haftung-des-arbeitnehmers\/#local-main-organization-logo","url":"https:\/\/www.wittib-law.ch\/Anwaltskanzlei-in-zuerich\/wp-content\/uploads\/2019\/02\/Anwaltskanzlei-Wittibschlager.jpg","contentUrl":"https:\/\/www.wittib-law.ch\/Anwaltskanzlei-in-zuerich\/wp-content\/uploads\/2019\/02\/Anwaltskanzlei-Wittibschlager.jpg","width":555,"height":176,"caption":"Anwaltskanzlei Zuerich"},{"@context":"https:\/\/schema.org\/","@type":"CreativeWorkSeries","name":"Haftung des Arbeitnehmers","description":"","image":{"@type":"ImageObject","url":"https:\/\/www.wittib-law.ch\/Anwaltskanzlei-in-zuerich\/wp-content\/uploads\/2019\/12\/favicon-Kopie.ico","width":16,"height":16},"aggregateRating":{"@type":"AggregateRating","ratingValue":5,"ratingCount":1,"bestRating":5,"worstRating":1}}]},"geo.placename":"Z\u00fcrich","geo.position":{"lat":"47.37554931640625","long":"8.53688907623291"},"geo.region":"Schweiz"},"_links":{"self":[{"href":"https:\/\/www.wittib-law.ch\/Anwaltskanzlei-in-zuerich\/wp-json\/wp\/v2\/pages\/6623","targetHints":{"allow":["GET"]}}],"collection":[{"href":"https:\/\/www.wittib-law.ch\/Anwaltskanzlei-in-zuerich\/wp-json\/wp\/v2\/pages"}],"about":[{"href":"https:\/\/www.wittib-law.ch\/Anwaltskanzlei-in-zuerich\/wp-json\/wp\/v2\/types\/page"}],"author":[{"embeddable":true,"href":"https:\/\/www.wittib-law.ch\/Anwaltskanzlei-in-zuerich\/wp-json\/wp\/v2\/users\/1"}],"replies":[{"embeddable":true,"href":"https:\/\/www.wittib-law.ch\/Anwaltskanzlei-in-zuerich\/wp-json\/wp\/v2\/comments?post=6623"}],"version-history":[{"count":4,"href":"https:\/\/www.wittib-law.ch\/Anwaltskanzlei-in-zuerich\/wp-json\/wp\/v2\/pages\/6623\/revisions"}],"predecessor-version":[{"id":6814,"href":"https:\/\/www.wittib-law.ch\/Anwaltskanzlei-in-zuerich\/wp-json\/wp\/v2\/pages\/6623\/revisions\/6814"}],"up":[{"embeddable":true,"href":"https:\/\/www.wittib-law.ch\/Anwaltskanzlei-in-zuerich\/wp-json\/wp\/v2\/pages\/6458"}],"wp:attachment":[{"href":"https:\/\/www.wittib-law.ch\/Anwaltskanzlei-in-zuerich\/wp-json\/wp\/v2\/media?parent=6623"}],"curies":[{"name":"wp","href":"https:\/\/api.w.org\/{rel}","templated":true}]}}