{"id":6461,"date":"2020-12-20T15:11:47","date_gmt":"2020-12-20T15:11:47","guid":{"rendered":"https:\/\/www.wittib-law.ch\/Anwaltskanzlei-in-zuerich\/?page_id=6461"},"modified":"2020-12-23T18:21:50","modified_gmt":"2020-12-23T18:21:50","slug":"beratung-von-leitenden-angestellten","status":"publish","type":"page","link":"https:\/\/www.wittib-law.ch\/Anwaltskanzlei-in-zuerich\/arbeitsrecht\/beratung-von-leitenden-angestellten\/","title":{"rendered":"Beratung f\u00fcr leitende Angestellte"},"content":{"rendered":"\n<p>Sind Sie eine F\u00fchrungskraft? Haben Sie als leitender Angestellter Rechtsfragen zur optimalen Vertragsgestaltung? Wollen Sie mehr \u00fcber Ihre M\u00f6glichkeiten bez\u00fcglich von Lohn- und Bonusregelungen wissen? Ben\u00f6tigen Sie fundiertes Fachwissen bez\u00fcglich arbeitsrechtlichen Themen rund um die Konkurrenzklausel oder der Beendigung des Arbeitsverh\u00e4ltnisses? <\/p>\n\n\n\n<p>Gerne beraten unsere Rechtsanw\u00e4lte Sie zu arbeitsrechtlichen Themen rund um Tren\u00adnungs\u00adpro\u00adzesse, Aufhe\u00adbungs\u00adver\u00adein\u00adba\u00adrun\u00adgen, Kommu\u00adni\u00adka\u00adtion oder der Einzah\u00adlung in die Pensi\u00adons\u00adkasse.<\/p>\n\n\n\n<h2 class=\"wp-block-heading\" id=\"h-arbeitsrechtliche-unterst-tzung-von-leitenden-angestellten\">Arbeitsrechtliche Unterst\u00fctzung von leitenden Angestellten<\/h2>\n\n\n\n<section id=\"section-f80809c6-7eec-4426-89f4-4f31ab0f0b95\" class=\"wp-block-gutentor-about-block gutentor-section gutentor-about about-template4\"><div class=\"grid-container\"><div class=\"gutentor-grid-item-wrap\"><div class=\"gutentor-single-item\"><div class=\"grid-row\"><div class=\"grid-md-6 about-grid\"><div class=\"gutentor-single-item-content\"><div class=\"gutentor-about-content\"><h2 class=\"gutentor-single-item-title\"><strong>Anw\u00e4ltin<\/strong> <\/h2><p class=\"gutentor-single-item-desc\"><strong>Inhaberin und Anw\u00e4ltin  S. Wittibschlager<\/strong><br><em>Meine Kanzlei hat ihren Sitz im Herzen von\u00a0Z\u00fcrich. Ich bin ausge\u00adbil\u00adde\u00adter Rechts\u00adan\u00adwalt und spezialisierte Anw\u00e4ltin f\u00fcr\u00a0Arbeits\u00adrecht. Ich verf\u00fcge \u00fcber jahre\u00adlange breite Erfah\u00adrung im Arbeits\u00adrecht und im \u00f6ffent\u00adli\u00adchen Perso\u00adnal\u00adrecht. Mein Team und ich vertreten Privatpersonen &amp; Unternehmen aus der Schweiz, Deutschland, USA, und Osteuropa im internationalen &amp; nationalen Privatrecht &amp; Wirtschaftsrecht.<\/em><br><br>Gerne k\u00f6nnen Sie uns auch eine E-Mail schreiben. Unsere Anw\u00e4lte f\u00fcr Arbeitsrecht werden sich umgehend bei Ihnen melden.\u00a0<\/p><a class=\"gutentor-button gutentor-single-item-button gutentor-icon-hide\" href=\"mailto:info@wittib-law.ch\"><i class=\"gutentor-button-icon fas fa-book\"><\/i><span>E-mail<\/span><\/a><\/div><\/div><\/div><div class=\"grid-md-6 about-grid\"><div class=\"gutentor-single-item-image-box\"><div class=\"gutentor-image-thumb\"><img decoding=\"async\" class=\"normal-image\" src=\"https:\/\/www.wittib-law.ch\/Anwaltskanzlei-in-zuerich\/wp-content\/uploads\/2020\/11\/Bildschirmfoto-2020-12-03-um-15.09.24.png\" alt=\"Inhaberin der Kanzlei - Anw\u00e4ltin Schweiz\/Deutschland\"\/><\/div><\/div><\/div><\/div><\/div><\/div><\/div><\/section>\n\n\n\n<section id=\"section-0d814c91-ba7e-420d-891a-c6ea39f898c2\" class=\"wp-block-gutentor-divider section-0d814c91-ba7e-420d-891a-c6ea39f898c2 gutentor-element gutentor-section gutentor-divider text-center\"><div class=\"grid-container\"><div class=\"gutentor-divider-box\"><span><svg xmlns=\"http:\/\/www.w3.org\/2000\/svg\" viewBox=\"0 0 240 40\" preserveAspectRatio=\"none\"><path d=\"M56.2 20c5.3-.1 10.6-.2 16-.3l16-.2c10.6-.1 21.3-.1 31.9-.2 10.6.1 21.3 0 31.9.1l16 .2c5.3.1 10.6.2 16 .3-5.3.1-10.6.2-16 .3l-16 .2c-10.6.1-21.3.1-31.9.1-10.6-.1-21.3 0-31.9-.2l-16-.2c-5.4.1-10.7 0-16-.1z\"><\/path><\/svg><\/span><\/div><\/div><\/section>\n\n\n<p class='wp-call-button-block-button wp-call-button-block-button-center'><a class='wp-call-button-in-btn' href='tel:+41435450150' style='background-color:#3b5998' ><svg x=\"0px\" y=\"0px\" width=\"459px\" height=\"459px\" viewBox=\"0 0 459 459\">\r\n\t\t\t\t<path\r\n\t\t\t\t\td=\"M91.8,198.9c35.7,71.4,96.9,130.05,168.3,168.3L316.2,311.1c7.649-7.649,17.85-10.199,25.5-5.1c28.05,10.2,58.649,15.3,91.8,15.3c15.3,0,25.5,10.2,25.5,25.5v86.7c0,15.3-10.2,25.5-25.5,25.5C193.8,459,0,265.2,0,25.5C0,10.2,10.2,0,25.5,0h89.25c15.3,0,25.5,10.2,25.5,25.5c0,30.6,5.1,61.2,15.3,91.8c2.55,7.65,0,17.85-5.1,25.5L91.8,198.9z\"\r\n\t\t\t\t\/>\r\n\t\t\t<\/svg> +41 43 545 01 50<\/a><\/p>\n\n\n<section id=\"section-5adc012f-377f-444e-81a2-d214dcf49d33\" class=\"wp-block-gutentor-divider section-5adc012f-377f-444e-81a2-d214dcf49d33 gutentor-element gutentor-section gutentor-divider text-center\"><div class=\"grid-container\"><div class=\"gutentor-divider-box\"><span><svg xmlns=\"http:\/\/www.w3.org\/2000\/svg\" viewBox=\"0 0 240 40\" preserveAspectRatio=\"none\"><path d=\"M56.2 20c5.3-.1 10.6-.2 16-.3l16-.2c10.6-.1 21.3-.1 31.9-.2 10.6.1 21.3 0 31.9.1l16 .2c5.3.1 10.6.2 16 .3-5.3.1-10.6.2-16 .3l-16 .2c-10.6.1-21.3.1-31.9.1-10.6-.1-21.3 0-31.9-.2l-16-.2c-5.4.1-10.7 0-16-.1z\"><\/path><\/svg><\/span><\/div><\/div><\/section>\n\n\n\n<p>Weitere Infos<\/p>\n\n\n\n<ul class=\"wp-block-yoast-seo-related-links\"><li><a href=\"https:\/\/www.wittib-law.ch\/Anwaltskanzlei-in-zuerich\/anwalt-arbeitsrecht-zuerich-arbeitsvertrag-sexuelle-belastigung-kundigung-entlassung-anfechtung-abgangsentschadigungen\/\">Anwalt Arbeitsrecht Z\u00fcrich: Arbeitsvertrag, sexuelle Bel\u00e4stigung, K\u00fcndigung, Entlassung, Anfechtung, Abgangsentsch\u00e4digungen&#8230;<\/a><\/li><li><a href=\"https:\/\/www.wittib-law.ch\/Anwaltskanzlei-in-zuerich\/arbeitsrecht\/\">Arbeitsrecht<\/a><\/li><li><a href=\"https:\/\/www.wittib-law.ch\/Anwaltskanzlei-in-zuerich\/ihr-anwalt-und-experte-im-obligationenrecht\/\">Ihr Anwalt und Experte im Obligationenrecht<\/a><\/li><\/ul>\n\n\n\n<p>Das k\u00f6nnte Sie auch noch interessieren<\/p>\n\n\n<ul class=\"yoast-url-list\"><li><a href=\"https:\/\/www.wittib-law.ch\/Anwaltskanzlei-in-zuerich\/arbeitsrecht\/arbeitsrechtliche-forderungen\/\">Arbeitsrechtliche Anspr\u00fcche &#038; Forderungen<\/a><\/li><li><a href=\"https:\/\/www.wittib-law.ch\/Anwaltskanzlei-in-zuerich\/arbeitsrecht\/arbeitsvertraege\/\">Arbeitsvertr\u00e4ge<\/a><\/li><li><a href=\"https:\/\/www.wittib-law.ch\/Anwaltskanzlei-in-zuerich\/arbeitsrecht\/abfindungen\/\">Abfindungen<\/a><\/li><li><a href=\"https:\/\/www.wittib-law.ch\/Anwaltskanzlei-in-zuerich\/arbeitsrecht\/personalreglemente\/\">Personalreglemente<\/a><\/li><li><a href=\"https:\/\/www.wittib-law.ch\/Anwaltskanzlei-in-zuerich\/arbeitsrecht\/kundigung\/\">K\u00fcndigung \/ Entlassung<\/a><\/li><li><a href=\"https:\/\/www.wittib-law.ch\/Anwaltskanzlei-in-zuerich\/arbeitsrecht\/fristlose-kuendigung\/\">Fristlose K\u00fcndigung<\/a><\/li><li><a href=\"https:\/\/www.wittib-law.ch\/Anwaltskanzlei-in-zuerich\/arbeitsrecht\/missbraeuchliche-kuendigung\/\">Missbr\u00e4uchliche K\u00fcndigung<\/a><\/li><li><a href=\"https:\/\/www.wittib-law.ch\/Anwaltskanzlei-in-zuerich\/arbeitsrecht\/kuendigung-probezeit\/\">Probezeit &#038; K\u00fcndigung zur Probezeit<\/a><\/li><li><a href=\"https:\/\/www.wittib-law.ch\/Anwaltskanzlei-in-zuerich\/arbeitsrecht\/kuendigung-zur-unzeit\/\">K\u00fcndigung zur Unzeit<\/a><\/li><li><a href=\"https:\/\/www.wittib-law.ch\/Anwaltskanzlei-in-zuerich\/arbeitsrecht\/kuendigung-sperrfrist\/\">K\u00fcndigung w\u00e4hrend der Sperrfrist<\/a><\/li><li><a href=\"https:\/\/www.wittib-law.ch\/Anwaltskanzlei-in-zuerich\/arbeitsrecht\/mutterschutz\/\">Mutterschutz<\/a><\/li><li><a href=\"https:\/\/www.wittib-law.ch\/Anwaltskanzlei-in-zuerich\/arbeitsrecht\/mitarbeiterbeteiligung\/\">Mitarbeiterbeteiligung<\/a><\/li><li><a href=\"https:\/\/www.wittib-law.ch\/Anwaltskanzlei-in-zuerich\/arbeitsrecht\/kompensationsmodelle-fuer-fuehrungskrafte\/\">Anreizsysteme &#038; Kompensationsmodelle f\u00fcr leitende Angestellte und F\u00fchrungskr\u00e4fte<\/a><\/li><li><a href=\"https:\/\/www.wittib-law.ch\/Anwaltskanzlei-in-zuerich\/arbeitsrecht\/konkurrenzverbote\/\">Konkurrenzverbote<\/a><\/li><li><a href=\"https:\/\/www.wittib-law.ch\/Anwaltskanzlei-in-zuerich\/arbeitsrecht\/gleichstellungsgesetz\/\">Gleichstellungsgesetz<\/a><\/li><li><a href=\"https:\/\/www.wittib-law.ch\/Anwaltskanzlei-in-zuerich\/arbeitsrecht\/ueberstunden\/\">\u00dcberstunden<\/a><\/li><li><a href=\"https:\/\/www.wittib-law.ch\/Anwaltskanzlei-in-zuerich\/arbeitsrecht\/mobbing-bossing-am-arbeitsplatz\/\">Mobbing &#038; Bossing am Arbeitsplatz<\/a><\/li><li><a href=\"https:\/\/www.wittib-law.ch\/Anwaltskanzlei-in-zuerich\/arbeitsrecht\/arbeitszeugnisse\/\">Arbeitszeugnisse<\/a><\/li><li><a href=\"https:\/\/www.wittib-law.ch\/Anwaltskanzlei-in-zuerich\/arbeitsrecht\/bonus\/\">Bonus<\/a><\/li><li><a href=\"https:\/\/www.wittib-law.ch\/Anwaltskanzlei-in-zuerich\/arbeitsrecht\/gratifikation\/\">Gratifikation<\/a><\/li><li><a href=\"https:\/\/www.wittib-law.ch\/Anwaltskanzlei-in-zuerich\/arbeitsrecht\/oeffentliches-personalrecht\/\">\u00d6ffentliches Personalrecht<\/a><\/li><li><a href=\"https:\/\/www.wittib-law.ch\/Anwaltskanzlei-in-zuerich\/arbeitsrecht\/nichtantritt-und-fristloses-verlassen-der-stelle\/\">Nichtantritt und fristloses Verlassen der Stelle<\/a><\/li><li><a href=\"https:\/\/www.wittib-law.ch\/Anwaltskanzlei-in-zuerich\/arbeitsrecht\/sorgfalts-und-treuepflicht-schwarzarbeit\/\">Sorgfalts- und Treuepflicht Schwarzarbeit<\/a><\/li><li><a href=\"https:\/\/www.wittib-law.ch\/Anwaltskanzlei-in-zuerich\/arbeitsrecht\/befolgen-von-anordnungen\/\">Befolgen von Anordnungen<\/a><\/li><li><a href=\"https:\/\/www.wittib-law.ch\/Anwaltskanzlei-in-zuerich\/arbeitsrecht\/haftung-des-arbeitnehmers\/\">Haftung des Arbeitnehmers<\/a><\/li><li><a href=\"https:\/\/www.wittib-law.ch\/Anwaltskanzlei-in-zuerich\/arbeitsrecht\/lohnzahlung-vorschuss\/\">Lohnzahlung &#038; Vorschuss<\/a><\/li><li><a href=\"https:\/\/www.wittib-law.ch\/Anwaltskanzlei-in-zuerich\/arbeitsrecht\/lohnzahlung-bei-verhinderung-des-arbeitnehmers\/\">Lohnzahlung bei Verhinderung des Arbeitnehmers<\/a><\/li><li><a href=\"https:\/\/www.wittib-law.ch\/Anwaltskanzlei-in-zuerich\/arbeitsrecht\/spesen\/\">Spesen<\/a><\/li><li><a href=\"https:\/\/www.wittib-law.ch\/Anwaltskanzlei-in-zuerich\/arbeitsrecht\/ferien\/\">Ferien<\/a><\/li><\/ul><div style='text-align:center' class='yasr-auto-insert-visitor'><!--Yasr Visitor Votes Shortcode--><div id='yasr_visitor_votes_81fee93aa69ce' class='yasr-visitor-votes'><div class=\"yasr-custom-text-vv-before yasr-custom-text-vv-before-6461\">Ratings \/ Bewertungen<\/div><div id='yasr-vv-second-row-container-81fee93aa69ce'\r\n                                        class='yasr-vv-second-row-container'><div id='yasr-visitor-votes-rater-81fee93aa69ce'\r\n                                      class='yasr-rater-stars-vv'\r\n                                      data-rater-postid='6461'\r\n                                      data-rating='5'\r\n                                      data-rater-starsize='24'\r\n                                      data-rater-readonly='true'\r\n                                      data-rater-nonce='e9ef24791e'\r\n                                      data-issingular='false'\r\n                                    ><\/div><div class=\"yasr-vv-stats-text-container\" id=\"yasr-vv-stats-text-container-81fee93aa69ce\"><svg xmlns=\"https:\/\/www.w3.org\/2000\/svg\" width=\"20\" height=\"20\"\r\n                                   class=\"yasr-dashicons-visitor-stats\"\r\n                                   data-postid=\"6461\"\r\n                                   id=\"yasr-stats-dashicon-81fee93aa69ce\">\r\n                                   <path d=\"M18 18v-16h-4v16h4zM12 18v-11h-4v11h4zM6 18v-8h-4v8h4z\"><\/path>\r\n                               <\/svg><span id=\"yasr-vv-text-container-81fee93aa69ce\" class=\"yasr-vv-text-container\">[Anzahl der Bewertungen: <span id=\"yasr-vv-votes-number-container-81fee93aa69ce\">22<\/span>  Durchschnitt: <span id=\"yasr-vv-average-container-81fee93aa69ce\">5<\/span>]<\/span><\/div><div id='yasr-vv-loader-81fee93aa69ce' class='yasr-vv-container-loader'><\/div><\/div><div id='yasr-vv-bottom-container-81fee93aa69ce' class='yasr-vv-bottom-container'><div class='yasr-small-block-bold'><span class='yasr-visitor-votes-must-sign-in'>99% zufriedene Nutzer \/ Durchschnittsbewertungen unserer Klienten<\/span><\/div><\/div><\/div><!--End Yasr Visitor Votes Shortcode--><\/div>","protected":false},"excerpt":{"rendered":"<p>Sind Sie eine F\u00fchrungskraft? Haben Sie als leitender Angestellter Rechtsfragen zur optimalen Vertragsgestaltung? Wollen Sie mehr \u00fcber Ihre M\u00f6glichkeiten bez\u00fcglich von Lohn- und Bonusregelungen wissen? Ben\u00f6tigen Sie fundiertes Fachwissen bez\u00fcglich arbeitsrechtlichen Themen rund um die Konkurrenzklausel oder der Beendigung des Arbeitsverh\u00e4ltnisses? Gerne beraten unsere Rechtsanw\u00e4lte Sie zu arbeitsrechtlichen Themen rund um Tren\u00adnungs\u00adpro\u00adzesse, Aufhe\u00adbungs\u00adver\u00adein\u00adba\u00adrun\u00adgen, Kommu\u00adni\u00adka\u00adtion oder [&hellip;]<\/p>\n","protected":false},"author":1,"featured_media":0,"parent":6458,"menu_order":1,"comment_status":"closed","ping_status":"closed","template":"","meta":{"yasr_overall_rating":0,"yasr_post_is_review":"","yasr_auto_insert_disabled":"","yasr_review_type":"","footnotes":""},"class_list":["post-6461","page","type-page","status-publish","hentry"],"yasr_visitor_votes":{"stars_attributes":{"read_only":true,"span_bottom":"<div class='yasr-small-block-bold'><span class='yasr-visitor-votes-must-sign-in'>99% zufriedene Nutzer \/ Durchschnittsbewertungen unserer Klienten<\/span><\/div>"},"number_of_votes":22,"sum_votes":110},"yoast_head":"<!-- This site is optimized with the Yoast SEO Premium plugin v26.4 (Yoast SEO v27.4) - https:\/\/yoast.com\/product\/yoast-seo-premium-wordpress\/ -->\n<title>Beratung f\u00fcr leitende Angestellte - Ihr Anwalt in Z\u00fcrich<\/title>\n<meta name=\"description\" content=\"Unsere Rechtsanw\u00e4lte beraten leitende Angestellte \u2713 Anw\u00e4lte und Experten im Arbeitsrecht \u2713 umfassende Fachkompetenz im Arbeitsrecht\" \/>\n<meta name=\"robots\" content=\"index, follow, max-snippet:-1, max-image-preview:large, max-video-preview:-1\" \/>\n<link rel=\"canonical\" href=\"https:\/\/www.wittib-law.ch\/Anwaltskanzlei-in-zuerich\/arbeitsrecht\/beratung-von-leitenden-angestellten\/\" \/>\n<meta property=\"og:locale\" content=\"de_DE\" \/>\n<meta property=\"og:type\" content=\"article\" \/>\n<meta property=\"og:title\" content=\"Beratung f\u00fcr leitende Angestellte\" \/>\n<meta property=\"og:description\" content=\"Unsere Rechtsanw\u00e4lte beraten leitende Angestellte \u2713 Anw\u00e4lte und Experten im Arbeitsrecht \u2713 umfassende Fachkompetenz im Arbeitsrecht\" \/>\n<meta property=\"og:url\" content=\"https:\/\/www.wittib-law.ch\/Anwaltskanzlei-in-zuerich\/arbeitsrecht\/beratung-von-leitenden-angestellten\/\" \/>\n<meta property=\"og:site_name\" content=\"Ihr Anwalt in Z\u00fcrich\" \/>\n<meta property=\"article:publisher\" content=\"https:\/\/www.facebook.com\/Anwalt-f%c3%bcr-Familienrech-Arbeitsrecht-und-Scheidungsrecht-Z%c3%bcrich-2016470341934582\" \/>\n<meta property=\"article:modified_time\" content=\"2020-12-23T18:21:50+00:00\" \/>\n<meta property=\"og:image\" content=\"https:\/\/www.wittib-law.ch\/Anwaltskanzlei-in-zuerich\/wp-content\/uploads\/2020\/11\/Bildschirmfoto-2020-12-03-um-15.09.24.png\" \/>\n<meta name=\"twitter:card\" content=\"summary_large_image\" \/>\n<meta name=\"twitter:label1\" content=\"Gesch\u00e4tzte Lesezeit\" \/>\n\t<meta name=\"twitter:data1\" content=\"1\u00a0Minute\" \/>\n<meta name=\"geo.placename\" content=\"Z\u00fcrich\" \/>\n<meta name=\"geo.position\" content=\"47.37554931640625;8.53688907623291\" \/>\n<meta name=\"geo.region\" content=\"Schweiz\" \/>\n<!-- \/ Yoast SEO Premium plugin. -->","yoast_head_json":{"title":"Beratung f\u00fcr leitende Angestellte - Ihr Anwalt in Z\u00fcrich","description":"Unsere Rechtsanw\u00e4lte beraten leitende Angestellte \u2713 Anw\u00e4lte und Experten im Arbeitsrecht \u2713 umfassende Fachkompetenz im Arbeitsrecht","robots":{"index":"index","follow":"follow","max-snippet":"max-snippet:-1","max-image-preview":"max-image-preview:large","max-video-preview":"max-video-preview:-1"},"canonical":"https:\/\/www.wittib-law.ch\/Anwaltskanzlei-in-zuerich\/arbeitsrecht\/beratung-von-leitenden-angestellten\/","og_locale":"de_DE","og_type":"article","og_title":"Beratung f\u00fcr leitende Angestellte","og_description":"Unsere Rechtsanw\u00e4lte beraten leitende Angestellte \u2713 Anw\u00e4lte und Experten im Arbeitsrecht \u2713 umfassende Fachkompetenz im Arbeitsrecht","og_url":"https:\/\/www.wittib-law.ch\/Anwaltskanzlei-in-zuerich\/arbeitsrecht\/beratung-von-leitenden-angestellten\/","og_site_name":"Ihr Anwalt in Z\u00fcrich","article_publisher":"https:\/\/www.facebook.com\/Anwalt-f%c3%bcr-Familienrech-Arbeitsrecht-und-Scheidungsrecht-Z%c3%bcrich-2016470341934582","article_modified_time":"2020-12-23T18:21:50+00:00","og_image":[{"url":"https:\/\/www.wittib-law.ch\/Anwaltskanzlei-in-zuerich\/wp-content\/uploads\/2020\/11\/Bildschirmfoto-2020-12-03-um-15.09.24.png","type":"","width":"","height":""}],"twitter_card":"summary_large_image","twitter_misc":{"Gesch\u00e4tzte Lesezeit":"1\u00a0Minute"},"schema":{"@context":"https:\/\/schema.org","@graph":[{"@type":"WebPage","@id":"https:\/\/www.wittib-law.ch\/Anwaltskanzlei-in-zuerich\/arbeitsrecht\/beratung-von-leitenden-angestellten\/","url":"https:\/\/www.wittib-law.ch\/Anwaltskanzlei-in-zuerich\/arbeitsrecht\/beratung-von-leitenden-angestellten\/","name":"Beratung f\u00fcr leitende Angestellte - Ihr Anwalt in Z\u00fcrich","isPartOf":{"@id":"https:\/\/www.wittib-law.ch\/Anwaltskanzlei-in-zuerich\/#website"},"primaryImageOfPage":{"@id":"https:\/\/www.wittib-law.ch\/Anwaltskanzlei-in-zuerich\/arbeitsrecht\/beratung-von-leitenden-angestellten\/#primaryimage"},"image":{"@id":"https:\/\/www.wittib-law.ch\/Anwaltskanzlei-in-zuerich\/arbeitsrecht\/beratung-von-leitenden-angestellten\/#primaryimage"},"thumbnailUrl":"https:\/\/www.wittib-law.ch\/Anwaltskanzlei-in-zuerich\/wp-content\/uploads\/2020\/11\/Bildschirmfoto-2020-12-03-um-15.09.24.png","datePublished":"2020-12-20T15:11:47+00:00","dateModified":"2020-12-23T18:21:50+00:00","description":"Unsere Rechtsanw\u00e4lte beraten leitende Angestellte \u2713 Anw\u00e4lte und Experten im Arbeitsrecht \u2713 umfassende Fachkompetenz im Arbeitsrecht","breadcrumb":{"@id":"https:\/\/www.wittib-law.ch\/Anwaltskanzlei-in-zuerich\/arbeitsrecht\/beratung-von-leitenden-angestellten\/#breadcrumb"},"inLanguage":"de","potentialAction":[{"@type":"ReadAction","target":["https:\/\/www.wittib-law.ch\/Anwaltskanzlei-in-zuerich\/arbeitsrecht\/beratung-von-leitenden-angestellten\/"]}]},{"@type":"ImageObject","inLanguage":"de","@id":"https:\/\/www.wittib-law.ch\/Anwaltskanzlei-in-zuerich\/arbeitsrecht\/beratung-von-leitenden-angestellten\/#primaryimage","url":"https:\/\/www.wittib-law.ch\/Anwaltskanzlei-in-zuerich\/wp-content\/uploads\/2020\/11\/Bildschirmfoto-2020-12-03-um-15.09.24-e1611774761547.png","contentUrl":"https:\/\/www.wittib-law.ch\/Anwaltskanzlei-in-zuerich\/wp-content\/uploads\/2020\/11\/Bildschirmfoto-2020-12-03-um-15.09.24-e1611774761547.png","width":500,"height":416,"caption":"Inhaberin der Anwaltskanzlei Wittibschlager - Scheidungsanw\u00e4ltin mit der Anwaltzulassung Schweiz\/Deutschland"},{"@type":"BreadcrumbList","@id":"https:\/\/www.wittib-law.ch\/Anwaltskanzlei-in-zuerich\/arbeitsrecht\/beratung-von-leitenden-angestellten\/#breadcrumb","itemListElement":[{"@type":"ListItem","position":1,"name":"Home","item":"https:\/\/www.wittib-law.ch\/Anwaltskanzlei-in-zuerich\/"},{"@type":"ListItem","position":2,"name":"Arbeitsrecht","item":"https:\/\/www.wittib-law.ch\/Anwaltskanzlei-in-zuerich\/arbeitsrecht\/"},{"@type":"ListItem","position":3,"name":"Beratung f\u00fcr leitende Angestellte"}]},{"@type":"WebSite","@id":"https:\/\/www.wittib-law.ch\/Anwaltskanzlei-in-zuerich\/#website","url":"https:\/\/www.wittib-law.ch\/Anwaltskanzlei-in-zuerich\/","name":"Ihr Anwalt in Z\u00fcrich","description":"Scheidungsanwalt \/ Anwalt f\u00fcr \u2713 Arbeitsrecht \u2713 Baurecht \u2713 Erbrecht \u2713 Familienrecht \u2713 Mietrecht \u2713 Vertragsrecht \u2713 Verkehrsrecht \u2713 Forderungen, Inkasso | Tel.: +41 (0) 43 545 01 50","publisher":{"@id":"https:\/\/www.wittib-law.ch\/Anwaltskanzlei-in-zuerich\/#organization"},"potentialAction":[{"@type":"SearchAction","target":{"@type":"EntryPoint","urlTemplate":"https:\/\/www.wittib-law.ch\/Anwaltskanzlei-in-zuerich\/?s={search_term_string}"},"query-input":{"@type":"PropertyValueSpecification","valueRequired":true,"valueName":"search_term_string"}}],"inLanguage":"de"},{"@type":["Organization","Place"],"@id":"https:\/\/www.wittib-law.ch\/Anwaltskanzlei-in-zuerich\/#organization","name":"Anwaltskanzlei Zuerich","url":"https:\/\/www.wittib-law.ch\/Anwaltskanzlei-in-zuerich\/","logo":{"@id":"https:\/\/www.wittib-law.ch\/Anwaltskanzlei-in-zuerich\/arbeitsrecht\/beratung-von-leitenden-angestellten\/#local-main-organization-logo"},"image":{"@id":"https:\/\/www.wittib-law.ch\/Anwaltskanzlei-in-zuerich\/arbeitsrecht\/beratung-von-leitenden-angestellten\/#local-main-organization-logo"},"sameAs":["https:\/\/www.facebook.com\/Anwalt-f\u00fcr-Familienrech-Arbeitsrecht-und-Scheidungsrecht-Z\u00fcrich-2016470341934582"],"address":{"@id":"https:\/\/www.wittib-law.ch\/Anwaltskanzlei-in-zuerich\/arbeitsrecht\/beratung-von-leitenden-angestellten\/#local-main-place-address"},"geo":{"@type":"GeoCoordinates","latitude":"47.37554931640625","longitude":"8.53688907623291"},"telephone":["+41435450150"],"openingHoursSpecification":[{"@type":"OpeningHoursSpecification","dayOfWeek":["Monday","Tuesday","Wednesday","Thursday","Friday"],"opens":"08:00","closes":"17:00"},{"@type":"OpeningHoursSpecification","dayOfWeek":["Saturday","Sunday"],"opens":"00:00","closes":"00:00"}],"email":"info@wittib-law.ch"},{"@type":"PostalAddress","@id":"https:\/\/www.wittib-law.ch\/Anwaltskanzlei-in-zuerich\/arbeitsrecht\/beratung-von-leitenden-angestellten\/#local-main-place-address","streetAddress":"L\u00f6wenstrasse 43","addressLocality":"Z\u00fcrich","postalCode":"8001","addressCountry":"CH"},{"@type":"ImageObject","inLanguage":"de","@id":"https:\/\/www.wittib-law.ch\/Anwaltskanzlei-in-zuerich\/arbeitsrecht\/beratung-von-leitenden-angestellten\/#local-main-organization-logo","url":"https:\/\/www.wittib-law.ch\/Anwaltskanzlei-in-zuerich\/wp-content\/uploads\/2019\/02\/Anwaltskanzlei-Wittibschlager.jpg","contentUrl":"https:\/\/www.wittib-law.ch\/Anwaltskanzlei-in-zuerich\/wp-content\/uploads\/2019\/02\/Anwaltskanzlei-Wittibschlager.jpg","width":555,"height":176,"caption":"Anwaltskanzlei Zuerich"},{"@context":"https:\/\/schema.org\/","@type":"CreativeWorkSeries","name":"Beratung f\u00fcr leitende Angestellte","description":"","image":{"@type":"ImageObject","url":"https:\/\/www.wittib-law.ch\/Anwaltskanzlei-in-zuerich\/wp-content\/uploads\/2019\/12\/favicon-Kopie.ico","width":16,"height":16},"aggregateRating":{"@type":"AggregateRating","ratingValue":5,"ratingCount":22,"bestRating":5,"worstRating":1}}]},"geo.placename":"Z\u00fcrich","geo.position":{"lat":"47.37554931640625","long":"8.53688907623291"},"geo.region":"Schweiz"},"_links":{"self":[{"href":"https:\/\/www.wittib-law.ch\/Anwaltskanzlei-in-zuerich\/wp-json\/wp\/v2\/pages\/6461","targetHints":{"allow":["GET"]}}],"collection":[{"href":"https:\/\/www.wittib-law.ch\/Anwaltskanzlei-in-zuerich\/wp-json\/wp\/v2\/pages"}],"about":[{"href":"https:\/\/www.wittib-law.ch\/Anwaltskanzlei-in-zuerich\/wp-json\/wp\/v2\/types\/page"}],"author":[{"embeddable":true,"href":"https:\/\/www.wittib-law.ch\/Anwaltskanzlei-in-zuerich\/wp-json\/wp\/v2\/users\/1"}],"replies":[{"embeddable":true,"href":"https:\/\/www.wittib-law.ch\/Anwaltskanzlei-in-zuerich\/wp-json\/wp\/v2\/comments?post=6461"}],"version-history":[{"count":7,"href":"https:\/\/www.wittib-law.ch\/Anwaltskanzlei-in-zuerich\/wp-json\/wp\/v2\/pages\/6461\/revisions"}],"predecessor-version":[{"id":6641,"href":"https:\/\/www.wittib-law.ch\/Anwaltskanzlei-in-zuerich\/wp-json\/wp\/v2\/pages\/6461\/revisions\/6641"}],"up":[{"embeddable":true,"href":"https:\/\/www.wittib-law.ch\/Anwaltskanzlei-in-zuerich\/wp-json\/wp\/v2\/pages\/6458"}],"wp:attachment":[{"href":"https:\/\/www.wittib-law.ch\/Anwaltskanzlei-in-zuerich\/wp-json\/wp\/v2\/media?parent=6461"}],"curies":[{"name":"wp","href":"https:\/\/api.w.org\/{rel}","templated":true}]}}